{"id":3119,"date":"2025-08-11T14:13:19","date_gmt":"2025-08-11T11:13:19","guid":{"rendered":"https:\/\/firakotona.fi\/asunnot\/kera\/"},"modified":"2026-03-05T14:19:51","modified_gmt":"2026-03-05T12:19:51","slug":"kera","status":"publish","type":"area","link":"https:\/\/firakotona.fi\/en\/kohteet\/kera\/","title":{"rendered":"Kera"},"content":{"rendered":"<section id=\"\"\n    class=\"block block-hero-subpage side-by-side-section container-fluid bg-beige\">\n    <div class=\"hero-row\">\n        <div class=\"left-col\">\n            <div class=\"image-content-wrapper\">\n                <img decoding=\"async\" src=\"https:\/\/firakotona.fi\/wp-content\/uploads\/sites\/3\/2025\/08\/Kera-asuinalueena-960x1015-v2.jpg\" width=\"840\" height=\"897\" class=\"hero-subpage-image\" alt=\"\" loading=\"lazy\">            <\/div>\n        <\/div>\n\n        <div class=\"right-col\">\n            <main class=\"entry-content\">\n                                <p class=\"upper-title\">Neighborhoods<\/p>\n                \n                                <h1 class=\"title\">Espoo\u2019s Kera as a Residential Area<\/h1>\n                \n                                <div class=\"text-area\"><h3>An urban neighborhood built for sustainable living.<\/h3>\n<p>&nbsp;<\/p>\n<div class=\"wp-block-button\"><a class=\"wp-block-button__link has-background wp-element-button\" style=\"background-color: #f8966c;\" href=\"#kohteet\">Liity ennakkolistalle<\/a><\/div>\n<\/div>\n                \n                \n                                    <div class=\"button-holder\">\n                        <a class=\"\" href=\"#intro\">                        <span class=\"button-fake-arrow\" style=\"border-color: #000000; background-color: \">\n                            <svg width=\"24\" height=\"29\" viewBox=\"0 0 24 29\" fill=\"none\" xmlns=\"http:\/\/www.w3.org\/2000\/svg\">\n                                <path d=\"M22.308 15.0586L13.2 24.1249L13.2 0L10.8 0L10.8 24.1249L1.692 15.0586L-9.02066e-08 16.7451L12 28.7059L24 16.7451L22.308 15.0586Z\" fill=\"#000000\"\/>\n                            <\/svg>\n                        <\/span>\n                        <\/a>                    <\/div>\n                            <\/main>\n        <\/div>\n    <\/div>\n<\/section>\n\n \n\n\n\n<section id=\"intro\" class=\"block block-content-wrapper container-fluid container-fluid bg-beige\">\n    <div class=\"container\">\n        <div class=\"row\">\n            <div class=\"col-12\">\n                <main class=\"entry-content\">\n                    \n\n<h2 class=\"wp-block-heading has-text-align-center\">The city is growing sustainably in Kera \u2013 we are planning new owner-occupied homes for the area<\/h2>\n\n\n                <\/main>\n            <\/div>\n        <\/div>\n    <\/div>\n<\/section>\n\n\n\n<nav id=\"nav\" class=\"block block-navigation container-fluid no-margin bg-white bg-white\">\n    <div class=\"container\">\n        <div class=\"row\">\n            <div class=\"col-12 nav-wrapper\">\n                                    <div class=\"links-wrapper entry-content\">\n                        <a href=\"#alue\" class=\"navlink\" >Kera neighborhood<\/a><a href=\"#novelli\" class=\"navlink\" >Projects in planning<\/a><a href=\"#sijainti\" class=\"navlink\" >Location and Services<\/a><a href=\"#liikenne\" class=\"navlink\" >Transport Connections<\/a><a href=\"#kehitys\" class=\"navlink\" >Sustainable Development<\/a>                    <\/div>\n                \n                <div class=\"button-holder\">\n                    <a href=\"#kohteet\" class=\"button button-arrow-down button-primary-black\" >See projects<\/a>                <\/div>\n            <\/div>\n        <\/div>\n    <\/div>\n<\/nav>\n\n\n<section id=\"\" class=\"block block-columns container-fluid bg-class  bg-beige\">\n    <div class=\"container\">\n            <div class=\"row\">\n            <div class=\"col-12\">\n                <main class=\"entry-content\">\n                    <h2 class=\"upper-title\">Kera<\/h2>\n                <\/main>\n            <\/div>\n        <\/div>\n                        <div class=\"row \">\n            \n\n<section id=\"\"\n    class=\"col-12 col-lg-4 block-column column-30\">\n    <div class=\"wrapper\">\n        \n        <svg  class=\"door rotate bg-peach\" viewBox=\"0 0 456 456\" fill=\"none\" xmlns=\"http:\/\/www.w3.org\/2000\/svg\">\n        <path d=\"M-3.98648e-05 3.05176e-05C-1.78481e-05 251.842 204.158 456 456 456L456 -9.34721e-06L-3.98648e-05 3.05176e-05Z\" fill=\"#ffffff\" \/>\n    <\/svg>\n            <main class=\"entry-content\">\n            \n\n<h2 class=\"wp-block-heading\">Kera as a Residential Area<\/h2>\n\n\n\n<p><\/p>\n\n\n        <\/main>\n    <\/div>\n<\/section>\n\n\n<section id=\"alue\"\n    class=\"col-12  col-lg-8 block-column column-70\">\n        <main class=\"entry-content\">\n        \n\n<h2 class=\"wp-block-heading\">Did you know all this about Kera?<\/h2>\n\n\n\n<p><strong>Espoo\u2019s Kera is a transforming residential area located in a central part of Espoo. Kera was once known for logistics and industrial activities, but today the area is undergoing a major change into a modern, sustainable, and community-oriented urban environment.<\/strong><br>The development of Kera is part of Espoo\u2019s broader strategy to create attractive, vibrant, and diverse neighborhoods. The area\u2019s history combined with its excellent location makes Kera a unique place to live. As the population grows, local services are expanding quickly. Plans include new shops, a daycare center, a school, and various leisure facilities.<\/p>\n\n\n\n<p>Already, the southern part of the area in Nihtisilta and the northern edge near Nokia\u2019s campus have grocery stores, and Kera is also home to Finland\u2019s largest recycling center. The future station area will provide a great setting for a compact service hub, and the goal is to create a pleasant, easily accessible environment for pedestrians and cyclists in the town center.<\/p>\n\n\n\n<h3 class=\"wp-block-heading\">New owner-occupied homes coming soon<\/h3>\n\n\n\n<p>We are planning new homes in Kera, and it\u2019s important for us to consider residents\u2019 wishes. By sharing your preferences in advance, you can influence the design solutions of future projects and also join the pre-list for upcoming developments.<\/p>\n\n\n\n<div class=\"wp-block-buttons is-layout-flex wp-block-buttons-is-layout-flex\">\n<div class=\"wp-block-button is-style-white\"><a class=\"wp-block-button__link wp-element-button\" href=\"https:\/\/firakotona.fi\/en\/?post_type=area&amp;p=3223\">Explore Espoo Novelli and join the pre-list<\/a><\/div>\n<\/div>\n\n\n\n<figure class=\"wp-block-image size-full is-resized\"><img loading=\"lazy\" decoding=\"async\" width=\"1170\" height=\"700\" src=\"https:\/\/firakotona.fi\/wp-content\/uploads\/sites\/3\/2025\/08\/Kera-train-station.png\" alt=\"Kera-train-station\" class=\"wp-image-3149\" style=\"width:1170px\" srcset=\"https:\/\/firakotona.fi\/wp-content\/uploads\/sites\/3\/2025\/08\/Kera-train-station.png 1170w, https:\/\/firakotona.fi\/wp-content\/uploads\/sites\/3\/2025\/08\/Kera-train-station-300x179.png 300w, https:\/\/firakotona.fi\/wp-content\/uploads\/sites\/3\/2025\/08\/Kera-train-station-1024x613.png 1024w, https:\/\/firakotona.fi\/wp-content\/uploads\/sites\/3\/2025\/08\/Kera-train-station-768x459.png 768w\" sizes=\"auto, (max-width: 575px) 100vw, (max-width: 767px) 768px, (max-width: 991px) 1024px, 1170px\" \/><\/figure>\n\n\n    <\/main>\n<\/section>\n\n\n<section id=\"\"\n    class=\"col-12 col-lg-4 block-column column-30\">\n    <div class=\"wrapper\">\n        \n        <svg  class=\"door rotate bg-white\" viewBox=\"0 0 456 456\" fill=\"none\" xmlns=\"http:\/\/www.w3.org\/2000\/svg\">\n        <path d=\"M-3.98648e-05 3.05176e-05C-1.78481e-05 251.842 204.158 456 456 456L456 -9.34721e-06L-3.98648e-05 3.05176e-05Z\" fill=\"#ffffff\" \/>\n    <\/svg>\n            <main class=\"entry-content\">\n            \n\n<h2 class=\"wp-block-heading\">What\u2019s the best thing about Kera?<\/h2>\n\n\n\n<p><\/p>\n\n\n        <\/main>\n    <\/div>\n<\/section>\n\n\n<section id=\"sijainti\"\n    class=\"col-12  col-lg-8 block-column column-70\">\n        <main class=\"entry-content\">\n        \n\n<section id=\"\" class=\"block-inner block-icon-and-text container-fluid \">\n    <div class=\"container\">\n        <div class=\"row\">\n            <div class=\"col-12\">\n                <div class=\"content-holder\">\n                    <img decoding=\"async\" src=\"https:\/\/firakotona.fi\/wp-content\/uploads\/sites\/3\/2025\/08\/sijainti_ilman_taustaa_peach.svg\" width=\"76\" height=\"61\" alt=\"\" loading=\"lazy\">                    <div class=\"text-area\">\n                        <main class=\"entry-content\">\n                            \n\n<h3 class=\"wp-block-heading\">Location<\/h3>\n\n\n\n<p>Kera is in the central part of Espoo, at the junction of Ring Road II, Turku Highway, and the Coastal Railway. The area surrounds Kera Station, offering excellent <strong>transport connections<\/strong> to Helsinki city center, other parts of Espoo, and the entire metropolitan area. In addition to train connections, there are several bus routes, and cycling paths are designed to support sustainable mobility.<\/p>\n\n\n\n<p><a href=\"#liikenne\">Read more about transport connections<\/a><\/p>\n\n\n                        <\/main>\n                    <\/div>\n                <\/div>\n            <\/div>\n        <\/div>\n    <\/div>\n<\/section>\n\n\n\n<section id=\"\" class=\"block-inner block-icon-and-text container-fluid \">\n    <div class=\"container\">\n        <div class=\"row\">\n            <div class=\"col-12\">\n                <div class=\"content-holder\">\n                    <img decoding=\"async\" src=\"https:\/\/firakotona.fi\/wp-content\/uploads\/sites\/3\/2025\/08\/palvelut_ilman_taustaa_peach.svg\" width=\"68\" height=\"46\" alt=\"\" loading=\"lazy\">                    <div class=\"text-area\">\n                        <main class=\"entry-content\">\n                            \n\n<h3 class=\"wp-block-heading\">Services Nearby<\/h3>\n\n\n\n<p>The Kera area already offers a wide range of services, such as local grocery stores and daycare centers. S-Market Nihtisilta and K-Market Lansa are within walking distance of Kera. For even more options, Lepp\u00e4vaara\u2019s larger service hub is just two train stops away.<\/p>\n\n\n\n<p><a href=\"#kartta\">See services on the map<\/a><\/p>\n\n\n                        <\/main>\n                    <\/div>\n                <\/div>\n            <\/div>\n        <\/div>\n    <\/div>\n<\/section>\n\n\n\n<section id=\"\" class=\"block-inner block-icon-and-text container-fluid \">\n    <div class=\"container\">\n        <div class=\"row\">\n            <div class=\"col-12\">\n                <div class=\"content-holder\">\n                    <img decoding=\"async\" src=\"https:\/\/firakotona.fi\/wp-content\/uploads\/sites\/3\/2025\/08\/koulut_ilman_taustaa_peach.svg\" width=\"64\" height=\"62\" alt=\"\" loading=\"lazy\">                    <div class=\"text-area\">\n                        <main class=\"entry-content\">\n                            \n\n<h3 class=\"wp-block-heading\">Schools, Educational Institutions, and Daycare Centers<\/h3>\n\n\n\n<p><strong>Schools<\/strong>, daycare centers, and healthcare services make everyday life easier and make the area an excellent choice for families with children. Kera\u2019s own new local school is planned to open in 2030. Nearby, you can already find Kilonpuisto School, Kilo School, Espoo Joint Comprehensive School, as well as several municipal and private daycare centers. International and language-focused schools are also just a short distance away in Lepp\u00e4vaara and Espoo Center.<\/p>\n\n\n\n<p><a href=\"#kartta\">See nearby schools on the map<\/a><\/p>\n\n\n                        <\/main>\n                    <\/div>\n                <\/div>\n            <\/div>\n        <\/div>\n    <\/div>\n<\/section>\n\n\n\n<section id=\"\" class=\"block-inner block-icon-and-text container-fluid \">\n    <div class=\"container\">\n        <div class=\"row\">\n            <div class=\"col-12\">\n                <div class=\"content-holder\">\n                    <img decoding=\"async\" src=\"https:\/\/firakotona.fi\/wp-content\/uploads\/sites\/3\/2025\/08\/uimari_persikka_ei_taustaa.svg\" width=\"76\" height=\"44\" alt=\"\" loading=\"lazy\">                    <div class=\"text-area\">\n                        <main class=\"entry-content\">\n                            \n\n<h3 class=\"wp-block-heading\">Recreational Areas and Sports Facilities<\/h3>\n\n\n\n<p>Kera area offers plenty of opportunities for outdoor activities and exercise. Nearby you\u2019ll find green parks, jogging trails, and sports fields. Espoo Central Park and the G\u00e4lltr\u00e4sk area in Kauniainen are popular spots for outdoor recreation.<\/p>\n\n\n\n<p>Lepp\u00e4vaara\u2019s versatile sports park and swimming hall are about a 15-minute bike ride away. Golf enthusiasts will enjoy Lepp\u00e4vaara Range and Tapiola Golf, both just a short distance away. Kilo riding stables and a frisbee golf course provide even more hobby options.<\/p>\n\n\n\n<p>Kera\u2019s peaceful surroundings and pedestrian routes make the area pleasant for leisure and outdoor activities.<br><\/p>\n\n\n                        <\/main>\n                    <\/div>\n                <\/div>\n            <\/div>\n        <\/div>\n    <\/div>\n<\/section>\n\n\n\n<section id=\"\" class=\"block-inner block-icon-and-text container-fluid \">\n    <div class=\"container\">\n        <div class=\"row\">\n            <div class=\"col-12\">\n                <div class=\"content-holder\">\n                    <img decoding=\"async\" src=\"https:\/\/firakotona.fi\/wp-content\/uploads\/sites\/3\/2025\/08\/pyora_persikka_ei_taustaa.svg\" width=\"70\" height=\"45\" alt=\"\" loading=\"lazy\">                    <div class=\"text-area\">\n                        <main class=\"entry-content\">\n                            \n\n<h3 class=\"wp-block-heading\">Great cycling routes<\/h3>\n\n\n\n<p>Kera\u2019s location next to the railway and a well-connected street network makes it perfect for cycling \u2014 both for daily commutes and longer leisure rides. A major improvement coming soon is the new Rantarata Baana: a high-quality cycling corridor planned along the railway as part of the Espoo urban rail project. Baana will offer a straight, wide, and barrier-free cycling route that connects station areas and shortens detours.<\/p>\n\n\n\n<p>From Kera, you can also quickly reach Espoo Central Park and Viherkallio, which offer versatile trails for mountain biking and gravel riding.<\/p>\n\n\n                        <\/main>\n                    <\/div>\n                <\/div>\n            <\/div>\n        <\/div>\n    <\/div>\n<\/section>\n\n\n    <\/main>\n<\/section>\n\n        <\/div>\n    <\/div>\n<\/section>\n\n\n<section id=\"liikenne\" class=\"block block-banner-bg-image container-fluid\">\n    <div class=\"bg-image-holder\">\n        <img decoding=\"async\" src=\"https:\/\/firakotona.fi\/wp-content\/uploads\/sites\/3\/2025\/08\/Kera-juna-asema-nosto.jpg\" width=\"1920\" height=\"750\" class=\"d-none d-md-block\" alt=\"\" loading=\"lazy\">        <img decoding=\"async\" src=\"https:\/\/firakotona.fi\/wp-content\/uploads\/sites\/3\/2025\/08\/Kera-juna-asema-nosto-768x300.jpg\" width=\"768\" height=\"300\" class=\"d-md-none\" alt=\"\" loading=\"lazy\">    <\/div>\n    <div class=\"container\">\n        <div class=\"row\">\n            <div class=\"col-12 col-md-6 col-lg-5 left\">\n                <div class=\"highlight-shape bg-peach\"><\/div>\n                <div class=\"wrapper bg-white\">\n                <main class=\"entry-content\">\n                    \n\n<h6 class=\"wp-block-heading\">TRANSPORT CONNECTIONS<\/h6>\n\n\n\n<h3 class=\"wp-block-heading\">By train to Sello in five minutes and to Helsinki in fifteen<\/h3>\n\n\n\n<p>Kera\u2019s location offers excellent transport connections in all directions, making the area attractive for both residents and businesses. Kera train station is right in the heart of the area, and travel is quick \u2014 you can reach the Sello shopping center in 5 minutes and Helsinki city center in 15 minutes. The services in Kauniainen are just a 2-minute train ride away.<br><br>In addition, several bus lines run through the area, connecting Kera efficiently to nearby neighborhoods and other parts of Espoo. Driving is easy thanks to the nearby Turku Highway and Ring Road II, which provide fast access to different parts of the Helsinki metropolitan area and national main roads. Cycling is also convenient in Kera: the area will have extensive bike paths and smooth connections to Espoo\u2019s and Helsinki\u2019s cycling networks.<\/p>\n\n\n\n<p>The variety and accessibility of transport options make Kera a modern and well-connected residential and business area.<\/p>\n\n\n                <\/main>\n                <\/div>\n            <\/div>\n        <\/div>\n    <\/div>\n        <div class=\"door-holder container parallax-layer-door \">\n        \n        <svg  class=\"door  bg-white\" viewBox=\"0 0 456 456\" fill=\"none\" xmlns=\"http:\/\/www.w3.org\/2000\/svg\">\n        <path d=\"M-3.98648e-05 3.05176e-05C-1.78481e-05 251.842 204.158 456 456 456L456 -9.34721e-06L-3.98648e-05 3.05176e-05Z\" fill=\"#ffffff\" \/>\n    <\/svg>\n        <\/div>\n    <\/section>\n\n\n<section id=\"kartta\" class=\"block block-map container-fluid\">\n    <div class=\"container\">\n        <div class=\"row\">\n            <div class=\"col-12\">\n                <main class=\"entry-content\">\n\n                                            <h2 class=\"title\">Kera\u2019s Location and Nearby Services<\/h2>    \n                    \n                    \n                                            <div class=\"acf-map\" data-zoom=\"10\">\n                                                            <div class=\"marker\"\n                                    data-lat=\"60.21286803265485\"\n                                    data-lng=\"24.770387580575523\"\n                                    data-icon=\"https:\/\/firakotona.fi\/wp-content\/themes\/fira-kotona\/dist\/images\/map-building.svg\"\n                                    ><p>Kallionkuja Daycare<\/p>\n<\/div>\n                                                            <div class=\"marker\"\n                                    data-lat=\"60.212008390626714\"\n                                    data-lng=\"24.76806725477759\"\n                                    data-icon=\"https:\/\/firakotona.fi\/wp-content\/themes\/fira-kotona\/dist\/images\/map-shop.svg\"\n                                    ><p>K-Market Lansa<\/p>\n<\/div>\n                                                            <div class=\"marker\"\n                                    data-lat=\"60.20986663757176\"\n                                    data-lng=\"24.756051195849828\"\n                                    data-icon=\"https:\/\/firakotona.fi\/wp-content\/themes\/fira-kotona\/dist\/images\/map-shop.svg\"\n                                    ><p>S-Market Nihtisilta<\/p>\n<\/div>\n                                                            <div class=\"marker\"\n                                    data-lat=\"60.21615567269616\"\n                                    data-lng=\"24.75358487380866\"\n                                    data-icon=\"https:\/\/firakotona.fi\/wp-content\/themes\/fira-kotona\/dist\/images\/map-train.svg\"\n                                    ><p>Kera train station<\/p>\n<\/div>\n                                                            <div class=\"marker\"\n                                    data-lat=\"60.209882413060065\"\n                                    data-lng=\"24.751572805521434\"\n                                    data-icon=\"https:\/\/firakotona.fi\/wp-content\/themes\/fira-kotona\/dist\/images\/map-building.svg\"\n                                    ><p>Kilonpuisto school<\/p>\n<\/div>\n                                                            <div class=\"marker\"\n                                    data-lat=\"60.21032403387928\"\n                                    data-lng=\"24.749294413274495\"\n                                    data-icon=\"https:\/\/firakotona.fi\/wp-content\/themes\/fira-kotona\/dist\/images\/map-swimming-man.svg\"\n                                    ><p>Kilo Swimming Hall \/ FitPit Oy<\/p>\n<\/div>\n                                                            <div class=\"marker\"\n                                    data-lat=\"60.210388438685\"\n                                    data-lng=\"24.753574103990257\"\n                                    data-icon=\"https:\/\/firakotona.fi\/wp-content\/themes\/fira-kotona\/dist\/images\/map-shop.svg\"\n                                    ><p>Recycling Center<\/p>\n<\/div>\n                                                            <div class=\"marker\"\n                                    data-lat=\"60.2126993045865\"\n                                    data-lng=\"24.762509885604143\"\n                                    data-icon=\"https:\/\/firakotona.fi\/wp-content\/themes\/fira-kotona\/dist\/images\/map-building.svg\"\n                                    ><p>Kera&#8217;s daycare<\/p>\n<\/div>\n                                                            <div class=\"marker\"\n                                    data-lat=\"60.210184929716384\"\n                                    data-lng=\"24.77196146774584\"\n                                    data-icon=\"https:\/\/firakotona.fi\/wp-content\/themes\/fira-kotona\/dist\/images\/map-building.svg\"\n                                    ><p>Kilo school<\/p>\n<\/div>\n                                                            <div class=\"marker\"\n                                    data-lat=\"60.20834932097918\"\n                                    data-lng=\"24.763183656002223\"\n                                    data-icon=\"https:\/\/firakotona.fi\/wp-content\/themes\/fira-kotona\/dist\/images\/map-building.svg\"\n                                    ><p>Cafe Vitikka<\/p>\n<\/div>\n                                                            <div class=\"marker\"\n                                    data-lat=\"60.2092686691423\"\n                                    data-lng=\"24.77690122908875\"\n                                    data-icon=\"https:\/\/firakotona.fi\/wp-content\/themes\/fira-kotona\/dist\/images\/map-basket-ball.svg\"\n                                    ><p>Kilo School\u2019s sand-based artificial turf field<\/p>\n<\/div>\n                                                            <div class=\"marker\"\n                                    data-lat=\"60.207413562902055\"\n                                    data-lng=\"24.750255056646814\"\n                                    data-icon=\"https:\/\/firakotona.fi\/wp-content\/themes\/fira-kotona\/dist\/images\/map-building.svg\"\n                                    ><p>Itsudemo restaurant<\/p>\n<\/div>\n                                                            <div class=\"marker\"\n                                    data-lat=\"60.20875701778498\"\n                                    data-lng=\"24.737890353335395\"\n                                    data-icon=\"https:\/\/firakotona.fi\/wp-content\/themes\/fira-kotona\/dist\/images\/map-tree.svg\"\n                                    ><p>Bensow pond and Park<\/p>\n<\/div>\n                                                            <div class=\"marker\"\n                                    data-lat=\"60.20576019144423\"\n                                    data-lng=\"24.753640823220984\"\n                                    data-icon=\"https:\/\/firakotona.fi\/wp-content\/themes\/fira-kotona\/dist\/images\/map-bus.svg\"\n                                    ><p>L\u00e4nsiv\u00e4yl\u00e4 interchange<\/p>\n<\/div>\n                                                            <div class=\"marker main-location\"\n                                    data-lat=\"60.2146747\"\n                                    data-lng=\"24.7536061\"\n                                    data-icon=\"https:\/\/firakotona.fi\/wp-content\/themes\/fira-kotona\/dist\/images\/map-home.svg\"\n                                    ><p>Kera<\/p>\n<\/div>\n                                                    <\/div>\n                                    <\/main>\n            <\/div>\n        <\/div>\n    <\/div>\n<\/section>\n\n\n\n<section id=\"\" class=\"block block-banner-bg-image container-fluid\">\n    <div class=\"bg-image-holder\">\n        <img decoding=\"async\" src=\"https:\/\/firakotona.fi\/wp-content\/uploads\/sites\/3\/2025\/08\/Kera-mallinnus-ramboll.jpg\" width=\"1920\" height=\"750\" class=\"d-none d-md-block\" alt=\"\" loading=\"lazy\">        <img decoding=\"async\" src=\"https:\/\/firakotona.fi\/wp-content\/uploads\/sites\/3\/2025\/08\/Kera-mallinnus-ramboll-768x300.jpg\" width=\"768\" height=\"300\" class=\"d-md-none\" alt=\"\" loading=\"lazy\">    <\/div>\n    <div class=\"container\">\n        <div class=\"row\">\n            <div class=\"col-12 col-md-6 col-lg-5 left\">\n                <div class=\"highlight-shape bg-default\"><\/div>\n                <div class=\"wrapper bg-beige\">\n                <main class=\"entry-content\">\n                    \n\n<h6 class=\"wp-block-heading has-black-color has-text-color has-link-color wp-elements-c1b2df7fb8137363a5e166db8a21582b\">EXPERIENCE KERA VIRTUALLY<br><\/h6>\n\n\n\n<h3 class=\"wp-block-heading\">Explore Kera\u2019s street and park plans virtually<\/h3>\n\n\n\n<p>In a virtual presentation created by the City of Espoo and Ramboll, you can explore the future green streets and attractive park areas of the neighborhood.<br><\/p>\n\n\n\n<div class=\"wp-block-buttons is-layout-flex wp-block-buttons-is-layout-flex\">\n<div class=\"wp-block-button is-style-black\"><a class=\"wp-block-button__link wp-element-button\" href=\"https:\/\/projektit.ramboll.fi\/360\/kera360\/index.htm\" target=\"_blank\" rel=\"noreferrer noopener\">Go to the virtual map here<\/a><\/div>\n<\/div>\n\n\n                <\/main>\n                <\/div>\n            <\/div>\n        <\/div>\n    <\/div>\n    <\/section>\n\n\n\n<section id=\"kehitys\" class=\"block block-full-width-image bg- container-fluid\">\n    <div class=\"bg-image-holder\">\n        <img decoding=\"async\" src=\"https:\/\/firakotona.fi\/wp-content\/uploads\/sites\/3\/2025\/08\/Keran-kestavaa-kehitysta-1.jpg\" width=\"1920\" height=\"750\" class=\"d-none d-md-block\" alt=\"\" loading=\"lazy\">        <img decoding=\"async\" src=\"https:\/\/firakotona.fi\/wp-content\/uploads\/sites\/3\/2025\/08\/Keran-kestavaa-kehitysta-1-768x300.jpg\" width=\"768\" height=\"300\" class=\"d-md-none\" alt=\"\" loading=\"lazy\">    <\/div>\n\n    <div class=\"content-holder block d-flex align-items-end\">\n        <div class=\"container\">\n            <div class=\"row\">\n                <div class=\"col-12  d-flex justify-content-center\">              \n                    <main class=\"entry-content\">\n                        \n\n<h2 class=\"wp-block-heading has-white-color has-text-color has-link-color wp-elements-33f1d552a5aafedfeabcbf77f4ca6e7b\">Sustainable development and circular economy<\/h2>\n\n\n\n                                                    <div class=\"door-holder d-flex justify-content-center \">\n                                \n        <svg  class=\"door  bg-peach\" viewBox=\"0 0 456 456\" fill=\"none\" xmlns=\"http:\/\/www.w3.org\/2000\/svg\">\n        <path d=\"M-3.98648e-05 3.05176e-05C-1.78481e-05 251.842 204.158 456 456 456L456 -9.34721e-06L-3.98648e-05 3.05176e-05Z\" fill=\"#ffffff\" \/>\n    <\/svg>\n                                <\/div>\n                                            <\/main>                \n                <\/div>\n            <\/div>\n        <\/div>\n    <\/div>\n    \n<\/section>\n\n\n\n<section id=\"\" class=\"block block-columns container-fluid bg-class  border bg-beige\">\n    <div class=\"container\">\n                    <div class=\"row \">\n            \n\n<section id=\"\"\n    class=\"col-12 col-lg-4 block-column column-30\">\n    <div class=\"wrapper\">\n                <main class=\"entry-content\">\n            \n\n<h2 class=\"wp-block-heading\">Smart and unique residential area<\/h2>\n\n\n\n<section class=\"block-inner block-columns-subtitle\">\n    \n\n<h2 class=\"wp-block-heading\"><\/h2>\n\n\n<\/section>\n\n\n        <\/main>\n    <\/div>\n<\/section>\n\n\n<section id=\"\"\n    class=\"col-12  col-lg-8 block-column column-70\">\n        <main class=\"entry-content\">\n        \n\n<h2 class=\"wp-block-heading\"><\/h2>\n\n\n\n<p><strong>Kera aims to become an internationally recognized model area for circular economy. The future Kera will be built as a smart and unique district that combines sustainable development principles, the opportunities of digitalization, and carbon-neutral circular economy solutions.<\/strong><br><br>The area is planned to include systems based on zero-emission energy sources, low-carbon and eco-friendly construction methods, green blocks, and diverse public art \u2013 all creating a pleasant and community-oriented environment. Emphasizing sustainability and resource efficiency will make practices like following a zero-carbon budget natural for residents.<\/p>\n\n\n\n<p>Energy production will use solutions such as geothermal heating and solar panels, and at every stage of construction, we aim for choices that benefit both the environment and people in the long term.<\/p>\n\n\n\n<section id=\"\" class=\"block-inner block-accordion container-fluid style-border\">\n            <div class=\"container\">\n            <div class=\"row\">\n                \n                <div class=\"col-12\">\n\n                    <div id=\"accordion-69f10b9d6f4c9\">\n                                                    <div class=\"item\">\n                                <a class=\"toggle collapsed \" data-toggle=\"collapse\" href=\"#collapseAccordion-0-69f10b9d6f4c9\" role=\"button\" aria-expanded=\"false\" aria-controls=\"collapseAccordion-0-69f10b9d6f4c9\">\n                                    <h2 class=\"title\">Collaboration<\/h2>\n\n                                    <svg class=\"plus\" width=\"16\" height=\"16\" viewBox=\"0 0 16 16\" fill=\"none\" xmlns=\"http:\/\/www.w3.org\/2000\/svg\">\n                                        <path d=\"M9 7V0H7V7H0V9H7V16H9V9H16V7H9Z\" fill=\"black\"\/>\n                                    <\/svg>\n\n                                    <svg class=\"minus\" width=\"16\" height=\"2\" viewBox=\"0 0 16 2\" fill=\"none\" xmlns=\"http:\/\/www.w3.org\/2000\/svg\">\n                                        <path d=\"M16 0H0V2H16V0Z\" fill=\"black\"\/>\n                                    <\/svg>\n\n                                <\/a>\n                                                                <div class=\"content collapse \" id=\"collapseAccordion-0-69f10b9d6f4c9\" data-parent=\"#accordion-69f10b9d6f4c9\">\n                                    <main class=\"entry-content\"><p>Kera\u2019s stakeholders work closely together in an open, long-term, and broad collaboration to achieve development goals. Open information sharing helps adopt and spread best practices and new ways of working quickly.<br \/>\nEvery project takes into account Kera\u2019s long-term development objectives and promotes a wider regional perspective. Partners seek committed participants for all stages of the land use process to ensure alignment with these goals.<\/p>\n<\/main>\n                                <\/div>\n                                                            <\/div>\n                                                    <div class=\"item\">\n                                <a class=\"toggle collapsed \" data-toggle=\"collapse\" href=\"#collapseAccordion-1-69f10b9d6f4c9\" role=\"button\" aria-expanded=\"false\" aria-controls=\"collapseAccordion-1-69f10b9d6f4c9\">\n                                    <h2 class=\"title\">Clean energy<\/h2>\n\n                                    <svg class=\"plus\" width=\"16\" height=\"16\" viewBox=\"0 0 16 16\" fill=\"none\" xmlns=\"http:\/\/www.w3.org\/2000\/svg\">\n                                        <path d=\"M9 7V0H7V7H0V9H7V16H9V9H16V7H9Z\" fill=\"black\"\/>\n                                    <\/svg>\n\n                                    <svg class=\"minus\" width=\"16\" height=\"2\" viewBox=\"0 0 16 2\" fill=\"none\" xmlns=\"http:\/\/www.w3.org\/2000\/svg\">\n                                        <path d=\"M16 0H0V2H16V0Z\" fill=\"black\"\/>\n                                    <\/svg>\n\n                                <\/a>\n                                                                <div class=\"content collapse \" id=\"collapseAccordion-1-69f10b9d6f4c9\" data-parent=\"#accordion-69f10b9d6f4c9\">\n                                    <main class=\"entry-content\"><p>The goal of Kera\u2019s development is to create a local, carbon-neutral heating solution. Properties will have access to heat produced by a local heat pump plant and distributed through a district network. By connecting to this system, buildings help achieve the area\u2019s energy-positive target. The solution also supports future building- and block-level systems, enabling two-way energy solutions for properties. Whenever possible, waste heat generated in the area will be utilized in production.<br \/>\nEnergy solutions for buildings will follow the energy-saving and energy-producing technologies listed the Land Use Agreement. For profitable electricity production, joint solutions will be explored, such as energy communities.<\/p>\n<\/main>\n                                <\/div>\n                                                            <\/div>\n                                                    <div class=\"item\">\n                                <a class=\"toggle collapsed \" data-toggle=\"collapse\" href=\"#collapseAccordion-2-69f10b9d6f4c9\" role=\"button\" aria-expanded=\"false\" aria-controls=\"collapseAccordion-2-69f10b9d6f4c9\">\n                                    <h2 class=\"title\">Circular economy <\/h2>\n\n                                    <svg class=\"plus\" width=\"16\" height=\"16\" viewBox=\"0 0 16 16\" fill=\"none\" xmlns=\"http:\/\/www.w3.org\/2000\/svg\">\n                                        <path d=\"M9 7V0H7V7H0V9H7V16H9V9H16V7H9Z\" fill=\"black\"\/>\n                                    <\/svg>\n\n                                    <svg class=\"minus\" width=\"16\" height=\"2\" viewBox=\"0 0 16 2\" fill=\"none\" xmlns=\"http:\/\/www.w3.org\/2000\/svg\">\n                                        <path d=\"M16 0H0V2H16V0Z\" fill=\"black\"\/>\n                                    <\/svg>\n\n                                <\/a>\n                                                                <div class=\"content collapse \" id=\"collapseAccordion-2-69f10b9d6f4c9\" data-parent=\"#accordion-69f10b9d6f4c9\">\n                                    <main class=\"entry-content\"><p>During Kera\u2019s transformation and development phase, the area will serve as a platform for innovative food production solutions and circular economy services, such as temporary use of buildings and a recycling center. The goal is to ensure that solutions promoting sustainable use of natural resources and serving residents become a permanent part of the future living environment.<\/p>\n<\/main>\n                                <\/div>\n                                                            <\/div>\n                                                    <div class=\"item\">\n                                <a class=\"toggle collapsed \" data-toggle=\"collapse\" href=\"#collapseAccordion-3-69f10b9d6f4c9\" role=\"button\" aria-expanded=\"false\" aria-controls=\"collapseAccordion-3-69f10b9d6f4c9\">\n                                    <h2 class=\"title\">Living and Everyday Convenience<\/h2>\n\n                                    <svg class=\"plus\" width=\"16\" height=\"16\" viewBox=\"0 0 16 16\" fill=\"none\" xmlns=\"http:\/\/www.w3.org\/2000\/svg\">\n                                        <path d=\"M9 7V0H7V7H0V9H7V16H9V9H16V7H9Z\" fill=\"black\"\/>\n                                    <\/svg>\n\n                                    <svg class=\"minus\" width=\"16\" height=\"2\" viewBox=\"0 0 16 2\" fill=\"none\" xmlns=\"http:\/\/www.w3.org\/2000\/svg\">\n                                        <path d=\"M16 0H0V2H16V0Z\" fill=\"black\"\/>\n                                    <\/svg>\n\n                                <\/a>\n                                                                <div class=\"content collapse \" id=\"collapseAccordion-3-69f10b9d6f4c9\" data-parent=\"#accordion-69f10b9d6f4c9\">\n                                    <main class=\"entry-content\"><p>In Kera, people live and work in well-designed spaces where quality and comfort come first. A diverse range of housing options makes it possible for residents in different life stages to find a home. Along with zero-emission construction and digital solutions, the design focuses on well-being, safety, health, and supporting community and urban culture in both outdoor and indoor spaces. Residents and workers in the area will have opportunities to participate and influence its development. Smooth everyday living is a priority even during the construction phase, and solutions and services that make life easier will be introduced early in the building process.<\/p>\n<\/main>\n                                <\/div>\n                                                            <\/div>\n                                                    <div class=\"item\">\n                                <a class=\"toggle collapsed \" data-toggle=\"collapse\" href=\"#collapseAccordion-4-69f10b9d6f4c9\" role=\"button\" aria-expanded=\"false\" aria-controls=\"collapseAccordion-4-69f10b9d6f4c9\">\n                                    <h2 class=\"title\">Design and Construction<\/h2>\n\n                                    <svg class=\"plus\" width=\"16\" height=\"16\" viewBox=\"0 0 16 16\" fill=\"none\" xmlns=\"http:\/\/www.w3.org\/2000\/svg\">\n                                        <path d=\"M9 7V0H7V7H0V9H7V16H9V9H16V7H9Z\" fill=\"black\"\/>\n                                    <\/svg>\n\n                                    <svg class=\"minus\" width=\"16\" height=\"2\" viewBox=\"0 0 16 2\" fill=\"none\" xmlns=\"http:\/\/www.w3.org\/2000\/svg\">\n                                        <path d=\"M16 0H0V2H16V0Z\" fill=\"black\"\/>\n                                    <\/svg>\n\n                                <\/a>\n                                                                <div class=\"content collapse \" id=\"collapseAccordion-4-69f10b9d6f4c9\" data-parent=\"#accordion-69f10b9d6f4c9\">\n                                    <main class=\"entry-content\"><p>Construction projects will pilot and apply high-quality, durable design solutions that follow the principles of carbon-neutral circular economy. Whenever possible, the use of recycled materials and products, as well as low-carbon or carbon-binding materials, should be the starting point for all material and product choices. Each project will include calculations of the building\u2019s life-cycle climate impact, and efforts will be made to minimize it. To reduce process and material waste, planning for logistics, site services, storage, and other actions will aim for joint coordination and shared, centralized services between different projects. Disruption to residents caused by construction sites will be minimized. As part of the area\u2019s carbon-neutrality goal, all construction projects will aim for fossil-free sites in line with the objectives of the Green Deal agreement for Emission-Free Construction Sites signed by the City of Espoo.<\/p>\n<\/main>\n                                <\/div>\n                                                            <\/div>\n                                                    <div class=\"item\">\n                                <a class=\"toggle collapsed \" data-toggle=\"collapse\" href=\"#collapseAccordion-5-69f10b9d6f4c9\" role=\"button\" aria-expanded=\"false\" aria-controls=\"collapseAccordion-5-69f10b9d6f4c9\">\n                                    <h2 class=\"title\">Demolition and Soil Masses<\/h2>\n\n                                    <svg class=\"plus\" width=\"16\" height=\"16\" viewBox=\"0 0 16 16\" fill=\"none\" xmlns=\"http:\/\/www.w3.org\/2000\/svg\">\n                                        <path d=\"M9 7V0H7V7H0V9H7V16H9V9H16V7H9Z\" fill=\"black\"\/>\n                                    <\/svg>\n\n                                    <svg class=\"minus\" width=\"16\" height=\"2\" viewBox=\"0 0 16 2\" fill=\"none\" xmlns=\"http:\/\/www.w3.org\/2000\/svg\">\n                                        <path d=\"M16 0H0V2H16V0Z\" fill=\"black\"\/>\n                                    <\/svg>\n\n                                <\/a>\n                                                                <div class=\"content collapse \" id=\"collapseAccordion-5-69f10b9d6f4c9\" data-parent=\"#accordion-69f10b9d6f4c9\">\n                                    <main class=\"entry-content\"><p>In demolition and earthworks, we aim to maximize material efficiency, follow the waste hierarchy, improve sorting by waste type, and achieve a high recycling rate. Demolition projects follow the practices of the Sustainable Demolition Green Deal agreement. A demolition survey is carried out for all buildings to be demolished. Demolition materials are processed and reused as close to the site as possible and for the most valuable purpose. In earthworks, we use as much recycled soil material as possible, in compliance with the MARA regulation and the upcoming MASA regulation. For cleaning contaminated soil, an assessment of contamination and the need for remediation must be prepared. If remediation is needed, the assessment will include a sustainability review of the cleaning options. Excavated soil containing harmful substances should be treated and cleaned whenever possible so that it can be reused.<\/p>\n<\/main>\n                                <\/div>\n                                                            <\/div>\n                                                    <div class=\"item\">\n                                <a class=\"toggle collapsed \" data-toggle=\"collapse\" href=\"#collapseAccordion-6-69f10b9d6f4c9\" role=\"button\" aria-expanded=\"false\" aria-controls=\"collapseAccordion-6-69f10b9d6f4c9\">\n                                    <h2 class=\"title\">Mobility and Logistics<\/h2>\n\n                                    <svg class=\"plus\" width=\"16\" height=\"16\" viewBox=\"0 0 16 16\" fill=\"none\" xmlns=\"http:\/\/www.w3.org\/2000\/svg\">\n                                        <path d=\"M9 7V0H7V7H0V9H7V16H9V9H16V7H9Z\" fill=\"black\"\/>\n                                    <\/svg>\n\n                                    <svg class=\"minus\" width=\"16\" height=\"2\" viewBox=\"0 0 16 2\" fill=\"none\" xmlns=\"http:\/\/www.w3.org\/2000\/svg\">\n                                        <path d=\"M16 0H0V2H16V0Z\" fill=\"black\"\/>\n                                    <\/svg>\n\n                                <\/a>\n                                                                <div class=\"content collapse \" id=\"collapseAccordion-6-69f10b9d6f4c9\" data-parent=\"#accordion-69f10b9d6f4c9\">\n                                    <main class=\"entry-content\"><p>Walking, cycling, and public transport will be made the most attractive ways to move around in Kera. Shared vehicles will primarily be electric or run on recycled fuel. All logistics will be organized efficiently so that transport capacity is optimized and causes as little disturbance as possible to the environment and other traffic.<\/p>\n<\/main>\n                                <\/div>\n                                                            <\/div>\n                                                    <div class=\"item\">\n                                <a class=\"toggle collapsed \" data-toggle=\"collapse\" href=\"#collapseAccordion-7-69f10b9d6f4c9\" role=\"button\" aria-expanded=\"false\" aria-controls=\"collapseAccordion-7-69f10b9d6f4c9\">\n                                    <h2 class=\"title\">Smart Urban Solutions<\/h2>\n\n                                    <svg class=\"plus\" width=\"16\" height=\"16\" viewBox=\"0 0 16 16\" fill=\"none\" xmlns=\"http:\/\/www.w3.org\/2000\/svg\">\n                                        <path d=\"M9 7V0H7V7H0V9H7V16H9V9H16V7H9Z\" fill=\"black\"\/>\n                                    <\/svg>\n\n                                    <svg class=\"minus\" width=\"16\" height=\"2\" viewBox=\"0 0 16 2\" fill=\"none\" xmlns=\"http:\/\/www.w3.org\/2000\/svg\">\n                                        <path d=\"M16 0H0V2H16V0Z\" fill=\"black\"\/>\n                                    <\/svg>\n\n                                <\/a>\n                                                                <div class=\"content collapse \" id=\"collapseAccordion-7-69f10b9d6f4c9\" data-parent=\"#accordion-69f10b9d6f4c9\">\n                                    <main class=\"entry-content\"><p>Digital solutions in Kera will be used for planning and optimizing material and energy-efficient construction, waste management, and energy consumption. The goal is to create fast network connections and enable local actors to use data for developing new smart services and solutions. All locally collected data should be as openly available and usable as possible. Data-sharing practices will be developed together in a responsible way, respecting privacy.<\/p>\n<\/main>\n                                <\/div>\n                                                            <\/div>\n                                            <\/div>\n\n                <\/div>\n\n            <\/div>\n        <\/div>\n    <\/section>\n\n\n\n<h2 class=\"wp-block-heading\"><\/h2>\n\n\n    <\/main>\n<\/section>\n\n        <\/div>\n    <\/div>\n<\/section>\n\n\n<section id=\"kohteet\" class=\"block block-columns container-fluid bg-class  bg-color text-light\" style=\"background-color:#6b7b8c;\">\n    <div class=\"container\">\n                    <div class=\"row \">\n            \n\n<section id=\"\" class=\"col-12 block-column column-100 \">\n        <main class=\"entry-content\">\n        \n\n<section class=\"block-inner block-columns-subtitle\">\n    \n\n<h2 class=\"wp-block-heading has-text-align-center\">Homes for Sale in the Area<br><br><\/h2>\n\n\n<\/section>\n\n\n\n<h2 class=\"wp-block-heading has-text-align-center\">Coming soon for pre-marketing<\/h2>\n\n\n    <\/main>\n<\/section>\n\n        <\/div>\n    <\/div>\n<\/section>\n\n\n<section id=\"novelli\"\n    class=\"block block-area-highlights container-fluid bg-lilac \" style=\"background-color:#d6b4a7\">\n    <div class=\"full-width bg-graphics bg-beige\" style=\"background-color:#6b7b8c\">\n    <svg class=\"bg-white\" width=\"831\" height=\"407\" viewBox=\"0 0 831 407\" fill=\"none\" xmlns=\"http:\/\/www.w3.org\/2000\/svg\">\n        <path fill-rule=\"evenodd\" clip-rule=\"evenodd\" d=\"M-8.88095e-06 203.171C-3.97614e-06 315.38 90.9634 406.344 203.172 406.344L415.5 406.344L415.5 207.749C415.5 93.0115 322.487 -0.00129583 207.75 -0.00129082L203.172 -0.00129062C90.9634 -0.00128571 -1.37858e-05 90.9622 -8.88095e-06 203.171ZM831 299.999C831 134.313 696.685 -0.00134271 531 -0.00136598L415.5 -0.00136094L415.5 406.344L831 406.344L831 299.999Z\" fill=\"\"\/>\n    <\/svg>\n\n    <\/div>\n    <div class=\"container\">\n        <div class=\"row parallax-group flip-content\">\n            <div class=\"col-12 col-lg-6\">\n                <div class=\"text-content parallax-layer-1\">\n                                        <div class=\"subtitle\">Coming soon<\/div>\n                                                            <h2 class=\"title\">Espoon Novelli<\/h2>\n                                                            <p class=\"title-second\">A new chapter in living for Espoo<\/p>\n                                                            <div class=\"location\">Kera, Espoo<\/div>\n                                                            <div class=\"summary\"><p>Espoo Novelli is being built right next to the train station. Here, the rhythm of the tracks, green courtyard blocks, and nearby services create a harmonious whole. Traces of the past can be seen in the architecture and details, but life in the area is very much about today \u2013 sustainable, carbon-neutral, and looking toward the future.<\/p>\n<\/div>\n                                                                <div class=\"link-holder\"><a href=\"https:\/\/firakotona.fi\/asunnot\/kera\/espoon-novelli\/\" class=\"button button-arrow button-secondary\" >Learn more<\/a><\/div>\n                                    <\/div>\n            <\/div>\n\n            <div class=\"col-12 col-lg-6\">\n                <div class=\"image-content parallax-layer-2\">\n                                                                                <div class=\"tag\">New development project<\/div>\n                                                            <div class=\"image-left\">\n                        <img decoding=\"async\" src=\"https:\/\/firakotona.fi\/wp-content\/uploads\/sites\/3\/2025\/11\/Espoon-Novelli-1.jpg\" width=\"2000\" height=\"1430\" id=\"image-left\" alt=\"\" loading=\"lazy\">                    <\/div>\n                                                        <\/div>\n            <\/div>\n        <\/div>\n    <\/div>\n<\/section>\n\n\n<p><\/p>\n","protected":false},"featured_media":0,"parent":0,"menu_order":0,"template":"","class_list":["post-3119","area","type-area","status-publish","hentry"],"acf":[],"yoast_head":"<!-- This site is optimized with the Yoast SEO plugin v27.3 - https:\/\/yoast.com\/product\/yoast-seo-wordpress\/ -->\n<title>Kera as a Residential Area \u2013 Apartments for Sale in Kera | Fira Kotona<\/title>\n<meta name=\"description\" content=\"Espoon Kera \u2013 kehittyv\u00e4 asuinalue, jossa historia kohtaa modernin asumisen. Tutustu alueen sijaintiin, palveluihin, asuntotarjontaan ja tulevaisuuden kehitysn\u00e4kymiin.\" \/>\n<meta name=\"robots\" content=\"index, follow, max-snippet:-1, max-image-preview:large, max-video-preview:-1\" \/>\n<link rel=\"canonical\" href=\"https:\/\/firakotona.fi\/en\/kohteet\/kera\/\" \/>\n<meta property=\"og:locale\" content=\"en_US\" \/>\n<meta property=\"og:type\" content=\"article\" \/>\n<meta property=\"og:title\" content=\"Kera as a Residential Area \u2013 Apartments for Sale in Kera | Fira Kotona\" \/>\n<meta property=\"og:description\" content=\"Espoon Kera \u2013 kehittyv\u00e4 asuinalue, jossa historia kohtaa modernin asumisen. Tutustu alueen sijaintiin, palveluihin, asuntotarjontaan ja tulevaisuuden kehitysn\u00e4kymiin.\" \/>\n<meta property=\"og:url\" content=\"https:\/\/firakotona.fi\/en\/kohteet\/kera\/\" \/>\n<meta property=\"og:site_name\" content=\"Fira Kotona\" \/>\n<meta property=\"article:modified_time\" content=\"2026-03-05T12:19:51+00:00\" \/>\n<meta property=\"og:image\" content=\"https:\/\/firakotona.fi\/wp-content\/uploads\/sites\/3\/2025\/08\/Kera-train-station.png\" \/>\n<meta name=\"twitter:card\" content=\"summary_large_image\" \/>\n<meta name=\"twitter:label1\" content=\"Est. reading time\" \/>\n\t<meta name=\"twitter:data1\" content=\"10 minutes\" \/>\n<script type=\"application\/ld+json\" class=\"yoast-schema-graph\">{\"@context\":\"https:\\\/\\\/schema.org\",\"@graph\":[{\"@type\":\"WebPage\",\"@id\":\"https:\\\/\\\/firakotona.fi\\\/en\\\/kohteet\\\/kera\\\/\",\"url\":\"https:\\\/\\\/firakotona.fi\\\/en\\\/kohteet\\\/kera\\\/\",\"name\":\"Kera as a Residential Area \u2013 Apartments for Sale in Kera | Fira Kotona\",\"isPartOf\":{\"@id\":\"https:\\\/\\\/firakotona.fi\\\/en\\\/#website\"},\"primaryImageOfPage\":{\"@id\":\"https:\\\/\\\/firakotona.fi\\\/en\\\/kohteet\\\/kera\\\/#primaryimage\"},\"image\":{\"@id\":\"https:\\\/\\\/firakotona.fi\\\/en\\\/kohteet\\\/kera\\\/#primaryimage\"},\"thumbnailUrl\":\"https:\\\/\\\/firakotona.fi\\\/wp-content\\\/uploads\\\/sites\\\/3\\\/2025\\\/08\\\/Kera-train-station.png\",\"datePublished\":\"2025-08-11T11:13:19+00:00\",\"dateModified\":\"2026-03-05T12:19:51+00:00\",\"description\":\"Espoon Kera \u2013 kehittyv\u00e4 asuinalue, jossa historia kohtaa modernin asumisen. Tutustu alueen sijaintiin, palveluihin, asuntotarjontaan ja tulevaisuuden kehitysn\u00e4kymiin.\",\"breadcrumb\":{\"@id\":\"https:\\\/\\\/firakotona.fi\\\/en\\\/kohteet\\\/kera\\\/#breadcrumb\"},\"inLanguage\":\"en-US\",\"potentialAction\":[{\"@type\":\"ReadAction\",\"target\":[\"https:\\\/\\\/firakotona.fi\\\/en\\\/kohteet\\\/kera\\\/\"]}]},{\"@type\":\"ImageObject\",\"inLanguage\":\"en-US\",\"@id\":\"https:\\\/\\\/firakotona.fi\\\/en\\\/kohteet\\\/kera\\\/#primaryimage\",\"url\":\"https:\\\/\\\/firakotona.fi\\\/wp-content\\\/uploads\\\/sites\\\/3\\\/2025\\\/08\\\/Kera-train-station.png\",\"contentUrl\":\"https:\\\/\\\/firakotona.fi\\\/wp-content\\\/uploads\\\/sites\\\/3\\\/2025\\\/08\\\/Kera-train-station.png\"},{\"@type\":\"BreadcrumbList\",\"@id\":\"https:\\\/\\\/firakotona.fi\\\/en\\\/kohteet\\\/kera\\\/#breadcrumb\",\"itemListElement\":[{\"@type\":\"ListItem\",\"position\":1,\"name\":\"Etusivu\",\"item\":\"https:\\\/\\\/firakotona.fi\\\/en\\\/\"},{\"@type\":\"ListItem\",\"position\":2,\"name\":\"Homes and projects\",\"item\":\"https:\\\/\\\/firakotona.fi\\\/en\\\/homes-and-projects\\\/\"},{\"@type\":\"ListItem\",\"position\":3,\"name\":\"Kera\"}]},{\"@type\":\"WebSite\",\"@id\":\"https:\\\/\\\/firakotona.fi\\\/en\\\/#website\",\"url\":\"https:\\\/\\\/firakotona.fi\\\/en\\\/\",\"name\":\"Fira Kotona\",\"description\":\"\",\"publisher\":{\"@id\":\"https:\\\/\\\/firakotona.fi\\\/en\\\/#organization\"},\"potentialAction\":[{\"@type\":\"SearchAction\",\"target\":{\"@type\":\"EntryPoint\",\"urlTemplate\":\"https:\\\/\\\/firakotona.fi\\\/en\\\/?s={search_term_string}\"},\"query-input\":{\"@type\":\"PropertyValueSpecification\",\"valueRequired\":true,\"valueName\":\"search_term_string\"}}],\"inLanguage\":\"en-US\"},{\"@type\":\"Organization\",\"@id\":\"https:\\\/\\\/firakotona.fi\\\/en\\\/#organization\",\"name\":\"Fira Kotona\",\"url\":\"https:\\\/\\\/firakotona.fi\\\/en\\\/\",\"logo\":{\"@type\":\"ImageObject\",\"inLanguage\":\"en-US\",\"@id\":\"https:\\\/\\\/firakotona.fi\\\/en\\\/#\\\/schema\\\/logo\\\/image\\\/\",\"url\":\"https:\\\/\\\/firakotona.fi\\\/wp-content\\\/uploads\\\/sites\\\/3\\\/2024\\\/12\\\/kotona-green.svg\",\"contentUrl\":\"https:\\\/\\\/firakotona.fi\\\/wp-content\\\/uploads\\\/sites\\\/3\\\/2024\\\/12\\\/kotona-green.svg\",\"width\":96,\"height\":62,\"caption\":\"Fira Kotona\"},\"image\":{\"@id\":\"https:\\\/\\\/firakotona.fi\\\/en\\\/#\\\/schema\\\/logo\\\/image\\\/\"}}]}<\/script>\n<!-- \/ Yoast SEO plugin. -->","yoast_head_json":{"title":"Kera as a Residential Area \u2013 Apartments for Sale in Kera | Fira Kotona","description":"Espoon Kera \u2013 kehittyv\u00e4 asuinalue, jossa historia kohtaa modernin asumisen. Tutustu alueen sijaintiin, palveluihin, asuntotarjontaan ja tulevaisuuden kehitysn\u00e4kymiin.","robots":{"index":"index","follow":"follow","max-snippet":"max-snippet:-1","max-image-preview":"max-image-preview:large","max-video-preview":"max-video-preview:-1"},"canonical":"https:\/\/firakotona.fi\/en\/kohteet\/kera\/","og_locale":"en_US","og_type":"article","og_title":"Kera as a Residential Area \u2013 Apartments for Sale in Kera | Fira Kotona","og_description":"Espoon Kera \u2013 kehittyv\u00e4 asuinalue, jossa historia kohtaa modernin asumisen. Tutustu alueen sijaintiin, palveluihin, asuntotarjontaan ja tulevaisuuden kehitysn\u00e4kymiin.","og_url":"https:\/\/firakotona.fi\/en\/kohteet\/kera\/","og_site_name":"Fira Kotona","article_modified_time":"2026-03-05T12:19:51+00:00","og_image":[{"url":"https:\/\/firakotona.fi\/wp-content\/uploads\/sites\/3\/2025\/08\/Kera-train-station.png","type":"","width":"","height":""}],"twitter_card":"summary_large_image","twitter_misc":{"Est. reading time":"10 minutes"},"schema":{"@context":"https:\/\/schema.org","@graph":[{"@type":"WebPage","@id":"https:\/\/firakotona.fi\/en\/kohteet\/kera\/","url":"https:\/\/firakotona.fi\/en\/kohteet\/kera\/","name":"Kera as a Residential Area \u2013 Apartments for Sale in Kera | Fira Kotona","isPartOf":{"@id":"https:\/\/firakotona.fi\/en\/#website"},"primaryImageOfPage":{"@id":"https:\/\/firakotona.fi\/en\/kohteet\/kera\/#primaryimage"},"image":{"@id":"https:\/\/firakotona.fi\/en\/kohteet\/kera\/#primaryimage"},"thumbnailUrl":"https:\/\/firakotona.fi\/wp-content\/uploads\/sites\/3\/2025\/08\/Kera-train-station.png","datePublished":"2025-08-11T11:13:19+00:00","dateModified":"2026-03-05T12:19:51+00:00","description":"Espoon Kera \u2013 kehittyv\u00e4 asuinalue, jossa historia kohtaa modernin asumisen. Tutustu alueen sijaintiin, palveluihin, asuntotarjontaan ja tulevaisuuden kehitysn\u00e4kymiin.","breadcrumb":{"@id":"https:\/\/firakotona.fi\/en\/kohteet\/kera\/#breadcrumb"},"inLanguage":"en-US","potentialAction":[{"@type":"ReadAction","target":["https:\/\/firakotona.fi\/en\/kohteet\/kera\/"]}]},{"@type":"ImageObject","inLanguage":"en-US","@id":"https:\/\/firakotona.fi\/en\/kohteet\/kera\/#primaryimage","url":"https:\/\/firakotona.fi\/wp-content\/uploads\/sites\/3\/2025\/08\/Kera-train-station.png","contentUrl":"https:\/\/firakotona.fi\/wp-content\/uploads\/sites\/3\/2025\/08\/Kera-train-station.png"},{"@type":"BreadcrumbList","@id":"https:\/\/firakotona.fi\/en\/kohteet\/kera\/#breadcrumb","itemListElement":[{"@type":"ListItem","position":1,"name":"Etusivu","item":"https:\/\/firakotona.fi\/en\/"},{"@type":"ListItem","position":2,"name":"Homes and projects","item":"https:\/\/firakotona.fi\/en\/homes-and-projects\/"},{"@type":"ListItem","position":3,"name":"Kera"}]},{"@type":"WebSite","@id":"https:\/\/firakotona.fi\/en\/#website","url":"https:\/\/firakotona.fi\/en\/","name":"Fira Kotona","description":"","publisher":{"@id":"https:\/\/firakotona.fi\/en\/#organization"},"potentialAction":[{"@type":"SearchAction","target":{"@type":"EntryPoint","urlTemplate":"https:\/\/firakotona.fi\/en\/?s={search_term_string}"},"query-input":{"@type":"PropertyValueSpecification","valueRequired":true,"valueName":"search_term_string"}}],"inLanguage":"en-US"},{"@type":"Organization","@id":"https:\/\/firakotona.fi\/en\/#organization","name":"Fira Kotona","url":"https:\/\/firakotona.fi\/en\/","logo":{"@type":"ImageObject","inLanguage":"en-US","@id":"https:\/\/firakotona.fi\/en\/#\/schema\/logo\/image\/","url":"https:\/\/firakotona.fi\/wp-content\/uploads\/sites\/3\/2024\/12\/kotona-green.svg","contentUrl":"https:\/\/firakotona.fi\/wp-content\/uploads\/sites\/3\/2024\/12\/kotona-green.svg","width":96,"height":62,"caption":"Fira Kotona"},"image":{"@id":"https:\/\/firakotona.fi\/en\/#\/schema\/logo\/image\/"}}]}},"_links":{"self":[{"href":"https:\/\/firakotona.fi\/en\/wp-json\/wp\/v2\/area\/3119","targetHints":{"allow":["GET"]}}],"collection":[{"href":"https:\/\/firakotona.fi\/en\/wp-json\/wp\/v2\/area"}],"about":[{"href":"https:\/\/firakotona.fi\/en\/wp-json\/wp\/v2\/types\/area"}],"version-history":[{"count":12,"href":"https:\/\/firakotona.fi\/en\/wp-json\/wp\/v2\/area\/3119\/revisions"}],"predecessor-version":[{"id":3929,"href":"https:\/\/firakotona.fi\/en\/wp-json\/wp\/v2\/area\/3119\/revisions\/3929"}],"wp:attachment":[{"href":"https:\/\/firakotona.fi\/en\/wp-json\/wp\/v2\/media?parent=3119"}],"curies":[{"name":"wp","href":"https:\/\/api.w.org\/{rel}","templated":true}]}}